{"id":16487,"date":"2024-04-20T17:09:20","date_gmt":"2024-04-20T14:09:20","guid":{"rendered":"https:\/\/www.istanbulaestheticcenter.com\/epilation-au-laser\/"},"modified":"2024-04-29T21:49:33","modified_gmt":"2024-04-29T18:49:33","slug":"epilation-au-laser","status":"publish","type":"page","link":"https:\/\/www.istanbulaestheticcenter.com\/fr\/esthetique-medicale\/epilation-au-laser\/","title":{"rendered":"Epilation au laser"},"content":{"rendered":"\t\t<div data-elementor-type=\"wp-page\" data-elementor-id=\"16487\" class=\"elementor elementor-16487 elementor-13427\">\n\t\t\t\t<div class=\"elementor-element elementor-element-e9f0f8c e-flex e-con-boxed e-con e-parent\" data-id=\"e9f0f8c\" data-element_type=\"container\">\n\t\t\t\t\t<div class=\"e-con-inner\">\n\t\t<div class=\"elementor-element elementor-element-b0db3b0 e-flex e-con-boxed e-con e-child\" data-id=\"b0db3b0\" data-element_type=\"container\">\n\t\t\t\t\t<div class=\"e-con-inner\">\n\t\t\t\t<div class=\"elementor-element elementor-element-c2d41ad elementor-widget elementor-widget-image\" data-id=\"c2d41ad\" data-element_type=\"widget\" data-widget_type=\"image.default\">\n\t\t\t\t<div class=\"elementor-widget-container\">\n\t\t\t\t\t\t\t\t\t\t\t\t\t\t\t<img fetchpriority=\"high\" decoding=\"async\" width=\"1024\" height=\"683\" src=\"https:\/\/www.istanbulaestheticcenter.com\/wp-content\/uploads\/2022\/09\/pr-16-1024x683.jpg\" class=\"attachment-large size-large wp-image-15207\" alt=\"\" srcset=\"https:\/\/www.istanbulaestheticcenter.com\/wp-content\/uploads\/2022\/09\/pr-16-1024x683.jpg 1024w, https:\/\/www.istanbulaestheticcenter.com\/wp-content\/uploads\/2022\/09\/pr-16-600x400.jpg 600w, https:\/\/www.istanbulaestheticcenter.com\/wp-content\/uploads\/2022\/09\/pr-16-300x200.jpg 300w, https:\/\/www.istanbulaestheticcenter.com\/wp-content\/uploads\/2022\/09\/pr-16-768x512.jpg 768w, https:\/\/www.istanbulaestheticcenter.com\/wp-content\/uploads\/2022\/09\/pr-16-1536x1025.jpg 1536w, https:\/\/www.istanbulaestheticcenter.com\/wp-content\/uploads\/2022\/09\/pr-16.jpg 1920w\" sizes=\"(max-width: 1024px) 100vw, 1024px\" \/>\t\t\t\t\t\t\t\t\t\t\t\t\t\t\t<\/div>\n\t\t\t\t<\/div>\n\t\t\t\t\t<\/div>\n\t\t\t\t<\/div>\n\t\t\t\t\t<\/div>\n\t\t\t\t<\/div>\n\t\t<div class=\"elementor-element elementor-element-7d528b3 e-flex e-con-boxed e-con e-parent\" data-id=\"7d528b3\" data-element_type=\"container\">\n\t\t\t\t\t<div class=\"e-con-inner\">\n\t\t<div class=\"elementor-element elementor-element-1ebd20a e-con-full e-flex e-con e-child\" data-id=\"1ebd20a\" data-element_type=\"container\">\n\t\t\t\t<div class=\"elementor-element elementor-element-5ab8a98 elementor-widget elementor-widget-heading\" data-id=\"5ab8a98\" data-element_type=\"widget\" data-widget_type=\"heading.default\">\n\t\t\t\t<div class=\"elementor-widget-container\">\n\t\t\t\t\t<h2 class=\"elementor-heading-title elementor-size-default\">Qu'est-ce que l'\u00e9pilation au laser ?<\/h2>\t\t\t\t<\/div>\n\t\t\t\t<\/div>\n\t\t\t\t<div class=\"elementor-element elementor-element-3f0cd60 elementor-widget elementor-widget-text-editor\" data-id=\"3f0cd60\" data-element_type=\"widget\" data-widget_type=\"text-editor.default\">\n\t\t\t\t<div class=\"elementor-widget-container\">\n\t\t\t\t\t\t\t\t\t<p>Il est possible d&rsquo;obtenir les r\u00e9sultats souhait\u00e9s gr\u00e2ce \u00e0 l&rsquo;application de l&rsquo;\u00e9pilation au laser qui peut \u00eatre appliqu\u00e9e \u00e0 tout type et couleur de peau et \u00e0 tout type de poil gr\u00e2ce aux avantages de la technologie de pointe.<\/p>\n<p>L&rsquo;\u00e9pilation au laser repose sur le principe de l&rsquo;\u00e9limination des poils ind\u00e9sirables par l&rsquo;utilisation de longueurs d&rsquo;onde sp\u00e9ciales. L&rsquo;objectif est de br\u00fbler et d&rsquo;endommager les follicules pileux. L&rsquo;\u00e9nergie absorb\u00e9e par les follicules pileux les endommage et les emp\u00eache de repousser en transformant l&rsquo;\u00e9nergie en chaleur. L&rsquo;\u00e9pilation au laser permet de retarder le d\u00e9veloppement des poils, qui deviennent plus faibles et moins nombreux. Le nombre de s\u00e9ances d&rsquo;\u00e9pilation peut varier entre 4 et 8 selon le site d&rsquo;application et les caract\u00e9ristiques du poil ; la dur\u00e9e des s\u00e9ances est comprise entre 5 minutes et 1 heure selon le site d&rsquo;application. L&rsquo;application pourrait \u00eatre utilis\u00e9e par les hommes et les femmes qui ont termin\u00e9 leur p\u00e9riode d&rsquo;adolescence et rendre leur vie plus confortable.<\/p>\n\t\t\t\t\t\t\t\t<\/div>\n\t\t\t\t<\/div>\n\t\t\t\t<\/div>\n\t\t<div class=\"elementor-element elementor-element-db52217 e-con-full e-flex e-con e-child\" data-id=\"db52217\" data-element_type=\"container\">\n\t\t\t\t<div class=\"elementor-element elementor-element-2f5bef2 elementor-widget elementor-widget-accordion\" data-id=\"2f5bef2\" data-element_type=\"widget\" data-widget_type=\"accordion.default\">\n\t\t\t\t<div class=\"elementor-widget-container\">\n\t\t\t\t\t\t\t<div class=\"elementor-accordion\">\n\t\t\t\t\t\t\t<div class=\"elementor-accordion-item\">\n\t\t\t\t\t<div id=\"elementor-tab-title-4961\" class=\"elementor-tab-title\" data-tab=\"1\" role=\"button\" aria-controls=\"elementor-tab-content-4961\" aria-expanded=\"false\">\n\t\t\t\t\t\t\t\t\t\t\t\t\t<span class=\"elementor-accordion-icon elementor-accordion-icon-left\" aria-hidden=\"true\">\n\t\t\t\t\t\t\t\t\t\t\t\t\t\t\t<span class=\"elementor-accordion-icon-closed\"><svg class=\"e-font-icon-svg e-fas-plus\" viewBox=\"0 0 448 512\" xmlns=\"http:\/\/www.w3.org\/2000\/svg\"><path d=\"M416 208H272V64c0-17.67-14.33-32-32-32h-32c-17.67 0-32 14.33-32 32v144H32c-17.67 0-32 14.33-32 32v32c0 17.67 14.33 32 32 32h144v144c0 17.67 14.33 32 32 32h32c17.67 0 32-14.33 32-32V304h144c17.67 0 32-14.33 32-32v-32c0-17.67-14.33-32-32-32z\"><\/path><\/svg><\/span>\n\t\t\t\t\t\t\t\t<span class=\"elementor-accordion-icon-opened\"><svg class=\"e-font-icon-svg e-fas-minus\" viewBox=\"0 0 448 512\" xmlns=\"http:\/\/www.w3.org\/2000\/svg\"><path d=\"M416 208H32c-17.67 0-32 14.33-32 32v32c0 17.67 14.33 32 32 32h384c17.67 0 32-14.33 32-32v-32c0-17.67-14.33-32-32-32z\"><\/path><\/svg><\/span>\n\t\t\t\t\t\t\t\t\t\t\t\t\t\t<\/span>\n\t\t\t\t\t\t\t\t\t\t\t\t<a class=\"elementor-accordion-title\" tabindex=\"0\">Dois-je me faire \u00e9piler au laser ?<\/a>\n\t\t\t\t\t<\/div>\n\t\t\t\t\t<div id=\"elementor-tab-content-4961\" class=\"elementor-tab-content elementor-clearfix\" data-tab=\"1\" role=\"region\" aria-labelledby=\"elementor-tab-title-4961\"><p>Si vous avez des probl\u00e8mes sociaux \u00e0 cause des poils qui se trouvent dans diff\u00e9rentes parties de votre corps, vous pouvez obtenir OUI \u00ab\u00a0\u00e9pilation au laser\u00a0\u00bb.<\/p>\n<\/div>\n\t\t\t\t<\/div>\n\t\t\t\t\t\t\t<div class=\"elementor-accordion-item\">\n\t\t\t\t\t<div id=\"elementor-tab-title-4962\" class=\"elementor-tab-title\" data-tab=\"2\" role=\"button\" aria-controls=\"elementor-tab-content-4962\" aria-expanded=\"false\">\n\t\t\t\t\t\t\t\t\t\t\t\t\t<span class=\"elementor-accordion-icon elementor-accordion-icon-left\" aria-hidden=\"true\">\n\t\t\t\t\t\t\t\t\t\t\t\t\t\t\t<span class=\"elementor-accordion-icon-closed\"><svg class=\"e-font-icon-svg e-fas-plus\" viewBox=\"0 0 448 512\" xmlns=\"http:\/\/www.w3.org\/2000\/svg\"><path d=\"M416 208H272V64c0-17.67-14.33-32-32-32h-32c-17.67 0-32 14.33-32 32v144H32c-17.67 0-32 14.33-32 32v32c0 17.67 14.33 32 32 32h144v144c0 17.67 14.33 32 32 32h32c17.67 0 32-14.33 32-32V304h144c17.67 0 32-14.33 32-32v-32c0-17.67-14.33-32-32-32z\"><\/path><\/svg><\/span>\n\t\t\t\t\t\t\t\t<span class=\"elementor-accordion-icon-opened\"><svg class=\"e-font-icon-svg e-fas-minus\" viewBox=\"0 0 448 512\" xmlns=\"http:\/\/www.w3.org\/2000\/svg\"><path d=\"M416 208H32c-17.67 0-32 14.33-32 32v32c0 17.67 14.33 32 32 32h384c17.67 0 32-14.33 32-32v-32c0-17.67-14.33-32-32-32z\"><\/path><\/svg><\/span>\n\t\t\t\t\t\t\t\t\t\t\t\t\t\t<\/span>\n\t\t\t\t\t\t\t\t\t\t\t\t<a class=\"elementor-accordion-title\" tabindex=\"0\">Qui n'applique pas l'\u00e9pilation au laser ?<\/a>\n\t\t\t\t\t<\/div>\n\t\t\t\t\t<div id=\"elementor-tab-content-4962\" class=\"elementor-tab-content elementor-clearfix\" data-tab=\"2\" role=\"region\" aria-labelledby=\"elementor-tab-title-4962\"><p>L&rsquo;\u00e9pilation au laser n&rsquo;est pas appliqu\u00e9e aux femmes enceintes dans une approche \u00e9thique. En outre, elle n&rsquo;est pas appliqu\u00e9e aux personnes souffrant de troubles cardiaques graves, de diab\u00e8te, d&rsquo;hypertension art\u00e9rielle non contr\u00f4l\u00e9e, d&rsquo;\u00e9pilepsie et de maladies cutan\u00e9es au niveau du site d&rsquo;application.<\/p>\n<\/div>\n\t\t\t\t<\/div>\n\t\t\t\t\t\t\t<div class=\"elementor-accordion-item\">\n\t\t\t\t\t<div id=\"elementor-tab-title-4963\" class=\"elementor-tab-title\" data-tab=\"3\" role=\"button\" aria-controls=\"elementor-tab-content-4963\" aria-expanded=\"false\">\n\t\t\t\t\t\t\t\t\t\t\t\t\t<span class=\"elementor-accordion-icon elementor-accordion-icon-left\" aria-hidden=\"true\">\n\t\t\t\t\t\t\t\t\t\t\t\t\t\t\t<span class=\"elementor-accordion-icon-closed\"><svg class=\"e-font-icon-svg e-fas-plus\" viewBox=\"0 0 448 512\" xmlns=\"http:\/\/www.w3.org\/2000\/svg\"><path d=\"M416 208H272V64c0-17.67-14.33-32-32-32h-32c-17.67 0-32 14.33-32 32v144H32c-17.67 0-32 14.33-32 32v32c0 17.67 14.33 32 32 32h144v144c0 17.67 14.33 32 32 32h32c17.67 0 32-14.33 32-32V304h144c17.67 0 32-14.33 32-32v-32c0-17.67-14.33-32-32-32z\"><\/path><\/svg><\/span>\n\t\t\t\t\t\t\t\t<span class=\"elementor-accordion-icon-opened\"><svg class=\"e-font-icon-svg e-fas-minus\" viewBox=\"0 0 448 512\" xmlns=\"http:\/\/www.w3.org\/2000\/svg\"><path d=\"M416 208H32c-17.67 0-32 14.33-32 32v32c0 17.67 14.33 32 32 32h384c17.67 0 32-14.33 32-32v-32c0-17.67-14.33-32-32-32z\"><\/path><\/svg><\/span>\n\t\t\t\t\t\t\t\t\t\t\t\t\t\t<\/span>\n\t\t\t\t\t\t\t\t\t\t\t\t<a class=\"elementor-accordion-title\" tabindex=\"0\">Retour \u00e0 la vie sociale apr\u00e8s une \u00e9pilation au laser<\/a>\n\t\t\t\t\t<\/div>\n\t\t\t\t\t<div id=\"elementor-tab-content-4963\" class=\"elementor-tab-content elementor-clearfix\" data-tab=\"3\" role=\"region\" aria-labelledby=\"elementor-tab-title-4963\"><p>Il ne s&rsquo;agit pas d&rsquo;une image clinique selon laquelle les poils devraient pousser et cro\u00eetre dans les zones trait\u00e9es apr\u00e8s une \u00e9pilation au laser r\u00e9ussie. Apr\u00e8s l&rsquo;intervention, vous pouvez facilement reprendre votre vie quotidienne.<\/p>\n<\/div>\n\t\t\t\t<\/div>\n\t\t\t\t\t\t\t\t<\/div>\n\t\t\t\t\t\t<\/div>\n\t\t\t\t<\/div>\n\t\t\t\t<\/div>\n\t\t\t\t\t<\/div>\n\t\t\t\t<\/div>\n\t\t\t\t<\/div>\n\t\t","protected":false},"excerpt":{"rendered":"<p>Qu&rsquo;est-ce que l&rsquo;\u00e9pilation au laser ? Il est possible d&rsquo;obtenir les r\u00e9sultats souhait\u00e9s gr\u00e2ce \u00e0 l&rsquo;application de l&rsquo;\u00e9pilation au laser qui peut \u00eatre appliqu\u00e9e \u00e0 tout type et couleur de peau et \u00e0 tout type de poil gr\u00e2ce aux avantages de la technologie de pointe. L&rsquo;\u00e9pilation au laser repose sur le principe de l&rsquo;\u00e9limination des [&hellip;]<\/p>\n","protected":false},"author":1,"featured_media":0,"parent":16928,"menu_order":0,"comment_status":"closed","ping_status":"closed","template":"","meta":{"_themeisle_gutenberg_block_has_review":false,"footnotes":""},"class_list":["post-16487","page","type-page","status-publish","hentry"],"_links":{"self":[{"href":"https:\/\/www.istanbulaestheticcenter.com\/fr\/wp-json\/wp\/v2\/pages\/16487","targetHints":{"allow":["GET"]}}],"collection":[{"href":"https:\/\/www.istanbulaestheticcenter.com\/fr\/wp-json\/wp\/v2\/pages"}],"about":[{"href":"https:\/\/www.istanbulaestheticcenter.com\/fr\/wp-json\/wp\/v2\/types\/page"}],"author":[{"embeddable":true,"href":"https:\/\/www.istanbulaestheticcenter.com\/fr\/wp-json\/wp\/v2\/users\/1"}],"replies":[{"embeddable":true,"href":"https:\/\/www.istanbulaestheticcenter.com\/fr\/wp-json\/wp\/v2\/comments?post=16487"}],"version-history":[{"count":1,"href":"https:\/\/www.istanbulaestheticcenter.com\/fr\/wp-json\/wp\/v2\/pages\/16487\/revisions"}],"predecessor-version":[{"id":16488,"href":"https:\/\/www.istanbulaestheticcenter.com\/fr\/wp-json\/wp\/v2\/pages\/16487\/revisions\/16488"}],"up":[{"embeddable":true,"href":"https:\/\/www.istanbulaestheticcenter.com\/fr\/wp-json\/wp\/v2\/pages\/16928"}],"wp:attachment":[{"href":"https:\/\/www.istanbulaestheticcenter.com\/fr\/wp-json\/wp\/v2\/media?parent=16487"}],"curies":[{"name":"wp","href":"https:\/\/api.w.org\/{rel}","templated":true}]}}