{"id":16392,"date":"2024-04-19T00:18:47","date_gmt":"2024-04-18T21:18:47","guid":{"rendered":"https:\/\/www.istanbulaestheticcenter.com\/yuz-germe-ritidoplasti\/"},"modified":"2024-07-09T15:07:27","modified_gmt":"2024-07-09T12:07:27","slug":"yuz-germe-ritidoplasti","status":"publish","type":"page","link":"http:\/\/www.istanbulaestheticcenter.com\/tr\/yuz-germe-ritidoplasti\/","title":{"rendered":"Y\u00fcz Germe (Ritidoplasti)"},"content":{"rendered":"\t\t<div data-elementor-type=\"wp-page\" data-elementor-id=\"16392\" class=\"elementor elementor-16392 elementor-13027\">\n\t\t\t\t<div class=\"elementor-element elementor-element-d45fb01 e-grid e-con-boxed e-con e-parent\" data-id=\"d45fb01\" data-element_type=\"container\">\n\t\t\t\t\t<div class=\"e-con-inner\">\n\t\t\t\t<div class=\"elementor-element elementor-element-3b51d65 elementor-widget elementor-widget-beforeafter\" data-id=\"3b51d65\" data-element_type=\"widget\" data-widget_type=\"beforeafter.default\">\n\t\t\t\t<div class=\"elementor-widget-container\">\n\t\t\t\t\t\n\n<style>\n  \n#nd_elements_beforeafter_component_492 img { float:left; width:100%; }\n\n#nd_elements_beforeafter_component_492 { \nfloat: left;\nwidth: 100% !important;\nmargin: 0px !important;\npadding: 0px !important;\nposition: relative;\n}\n\n#nd_elements_beforeafter_component_492 .ui-slider-range {\nbackground-image: url(\"http:\/\/www.istanbulaestheticcenter.com\/wp-content\/uploads\/2024\/04\/fl-woman-before-v1.jpg\");\nbackground-color: #000;\nz-index: 9;\nposition: absolute;\nheight: 100%;\nbackground-repeat: no-repeat;\nbackground-size: cover;\n}\n\n#nd_elements_beforeafter_component_492 .ui-slider-handle {\nbackground-color: #000;\nwidth: 4px;\nposition: absolute;\nheight: 100%;\noutline: 0px;\ncursor: ew-resize;  \n}\n\n#nd_elements_beforeafter_component_492 .ui-slider-handle:after {\ncontent: \"\";\nwidth: 40px;\nheight: 40px;\nbackground-color: #ccc;\nposition: absolute;\ntop: 50%;\nmargin-top: -20px;\nmargin-left: -18px;\nz-index: 9;\nborder-radius: 100%;\nbackground-image:url(\"http:\/\/www.istanbulaestheticcenter.com\/wp-content\/uploads\/2022\/05\/arrows.png\");\nbackground-size: 30px;\nbackground-position: center;\nbackground-repeat: no-repeat;\n}\n\n<\/style>\n\n\n<script>\njQuery( function() {\n\njQuery( \"#nd_elements_beforeafter_component_492\" ).slider({\n  value: 50,\n  orientation: \"horizontal\",\n  range: \"min\",\n  animate: true\n});\n\n} );\n<\/script>\n\n\n<div class=\"nd_elements_section nd_elements_beforeafter_component\">\n\n\t<div class=\"nd_elements_section\">\n\t\t<div id=\"nd_elements_beforeafter_component_492\">\n\t\t\t<img decoding=\"async\" src=\"http:\/\/www.istanbulaestheticcenter.com\/wp-content\/uploads\/2024\/04\/fl-woman-after-v1.jpg\">\n\t\t<\/div>\n\t<\/div>\n\t\n<\/div>\t\t\t\t<\/div>\n\t\t\t\t<\/div>\n\t\t\t\t<div class=\"elementor-element elementor-element-5392281 elementor-widget elementor-widget-beforeafter\" data-id=\"5392281\" data-element_type=\"widget\" data-widget_type=\"beforeafter.default\">\n\t\t\t\t<div class=\"elementor-widget-container\">\n\t\t\t\t\t\n\n<style>\n  \n#nd_elements_beforeafter_component_304 img { float:left; width:100%; }\n\n#nd_elements_beforeafter_component_304 { \nfloat: left;\nwidth: 100% !important;\nmargin: 0px !important;\npadding: 0px !important;\nposition: relative;\n}\n\n#nd_elements_beforeafter_component_304 .ui-slider-range {\nbackground-image: url(\"http:\/\/www.istanbulaestheticcenter.com\/wp-content\/uploads\/2024\/04\/fl-man-before-v1.jpg\");\nbackground-color: #000;\nz-index: 9;\nposition: absolute;\nheight: 100%;\nbackground-repeat: no-repeat;\nbackground-size: cover;\n}\n\n#nd_elements_beforeafter_component_304 .ui-slider-handle {\nbackground-color: #000;\nwidth: 4px;\nposition: absolute;\nheight: 100%;\noutline: 0px;\ncursor: ew-resize;  \n}\n\n#nd_elements_beforeafter_component_304 .ui-slider-handle:after {\ncontent: \"\";\nwidth: 40px;\nheight: 40px;\nbackground-color: #ccc;\nposition: absolute;\ntop: 50%;\nmargin-top: -20px;\nmargin-left: -18px;\nz-index: 9;\nborder-radius: 100%;\nbackground-image:url(\"http:\/\/www.istanbulaestheticcenter.com\/wp-content\/uploads\/2022\/09\/arrows.png\");\nbackground-size: 30px;\nbackground-position: center;\nbackground-repeat: no-repeat;\n}\n\n<\/style>\n\n\n<script>\njQuery( function() {\n\njQuery( \"#nd_elements_beforeafter_component_304\" ).slider({\n  value: 50,\n  orientation: \"horizontal\",\n  range: \"min\",\n  animate: true\n});\n\n} );\n<\/script>\n\n\n<div class=\"nd_elements_section nd_elements_beforeafter_component\">\n\n\t<div class=\"nd_elements_section\">\n\t\t<div id=\"nd_elements_beforeafter_component_304\">\n\t\t\t<img decoding=\"async\" src=\"http:\/\/www.istanbulaestheticcenter.com\/wp-content\/uploads\/2024\/04\/fl-man-after-v2.jpg\">\n\t\t<\/div>\n\t<\/div>\n\t\n<\/div>\t\t\t\t<\/div>\n\t\t\t\t<\/div>\n\t\t\t\t\t<\/div>\n\t\t\t\t<\/div>\n\t\t<div class=\"elementor-element elementor-element-3f7c041 e-flex e-con-boxed e-con e-parent\" data-id=\"3f7c041\" data-element_type=\"container\">\n\t\t\t\t\t<div class=\"e-con-inner\">\n\t\t<div class=\"elementor-element elementor-element-50bb1f7 e-con-full e-flex e-con e-child\" data-id=\"50bb1f7\" data-element_type=\"container\">\n\t\t\t\t<div class=\"elementor-element elementor-element-1fc6a50 elementor-widget elementor-widget-heading\" data-id=\"1fc6a50\" data-element_type=\"widget\" data-widget_type=\"heading.default\">\n\t\t\t\t<div class=\"elementor-widget-container\">\n\t\t\t\t\t<h2 class=\"elementor-heading-title elementor-size-default\">Y\u00fcz Germe Ameliyat\u0131 Nedir?<\/h2>\t\t\t\t<\/div>\n\t\t\t\t<\/div>\n\t\t\t\t<div class=\"elementor-element elementor-element-a63c1e5 elementor-widget elementor-widget-text-editor\" data-id=\"a63c1e5\" data-element_type=\"widget\" data-widget_type=\"text-editor.default\">\n\t\t\t\t<div class=\"elementor-widget-container\">\n\t\t\t\t\t\t\t\t\t<p>Ritidektomi olarak da bilinen y\u00fcz germe, y\u00fcz ve boyundaki g\u00f6r\u00fcn\u00fcr ya\u015flanma belirtilerini azaltmay\u0131 ama\u00e7layan cerrahi bir prosed\u00fcrd\u00fcr. Daha gen\u00e7 ve yenilenmi\u015f bir g\u00f6r\u00fcn\u00fcm olu\u015fturmak i\u00e7in cildin ve alttaki dokular\u0131n kald\u0131r\u0131lmas\u0131n\u0131 ve s\u0131k\u0131la\u015ft\u0131r\u0131lmas\u0131n\u0131 i\u00e7erir.<\/p>\n<p>Y\u00fcz germe; cilt sarkmas\u0131, derin k\u0131r\u0131\u015f\u0131kl\u0131klar, \u00e7ene ve boyunda belirginlik kayb\u0131 gibi bir dizi sorunu giderebilir. Y\u00fcz germe uzun s\u00fcreli gen\u00e7le\u015fme sa\u011flayabilirken, ger\u00e7ek\u00e7i beklentilere sahip olmak ve ya\u015flanma s\u00fcrecinin zaman i\u00e7inde devam edece\u011fini anlamak \u00e7ok \u00f6nemlidir. Ayr\u0131ca, y\u00fcz germe prosed\u00fcrlerinde geni\u015f deneyime sahip kurul sertifikal\u0131 bir plastik cerrah se\u00e7mek, do\u011fal g\u00f6r\u00fcn\u00fcml\u00fc sonu\u00e7lar elde etmek ve riskleri en aza indirmek i\u00e7in \u00e7ok \u00f6nemlidir. <strong>\u0130stanbul Estetik Merkezi (IAC<\/strong>) gibi ba\u015far\u0131l\u0131 y\u00fcz germe ameliyatlar\u0131 ge\u00e7mi\u015fine sahip sayg\u0131n kurumlar, y\u00fcz gen\u00e7le\u015ftirme yolculu\u011funuz s\u0131ras\u0131nda daha fazla g\u00fcvence ve g\u00f6n\u00fcl rahatl\u0131\u011f\u0131 sa\u011flayabilir.<\/p>\n\t\t\t\t\t\t\t\t<\/div>\n\t\t\t\t<\/div>\n\t\t\t\t<\/div>\n\t\t<div class=\"elementor-element elementor-element-1cd2b8e e-con-full e-flex e-con e-child\" data-id=\"1cd2b8e\" data-element_type=\"container\">\n\t\t\t\t<div class=\"elementor-element elementor-element-9d83911 elementor-widget elementor-widget-accordion\" data-id=\"9d83911\" data-element_type=\"widget\" data-widget_type=\"accordion.default\">\n\t\t\t\t<div class=\"elementor-widget-container\">\n\t\t\t\t\t\t\t<div class=\"elementor-accordion\">\n\t\t\t\t\t\t\t<div class=\"elementor-accordion-item\">\n\t\t\t\t\t<div id=\"elementor-tab-title-1651\" class=\"elementor-tab-title\" data-tab=\"1\" role=\"button\" aria-controls=\"elementor-tab-content-1651\" aria-expanded=\"false\">\n\t\t\t\t\t\t\t\t\t\t\t\t\t<span class=\"elementor-accordion-icon elementor-accordion-icon-left\" aria-hidden=\"true\">\n\t\t\t\t\t\t\t\t\t\t\t\t\t\t\t<span class=\"elementor-accordion-icon-closed\"><svg class=\"e-font-icon-svg e-fas-plus\" viewBox=\"0 0 448 512\" xmlns=\"http:\/\/www.w3.org\/2000\/svg\"><path d=\"M416 208H272V64c0-17.67-14.33-32-32-32h-32c-17.67 0-32 14.33-32 32v144H32c-17.67 0-32 14.33-32 32v32c0 17.67 14.33 32 32 32h144v144c0 17.67 14.33 32 32 32h32c17.67 0 32-14.33 32-32V304h144c17.67 0 32-14.33 32-32v-32c0-17.67-14.33-32-32-32z\"><\/path><\/svg><\/span>\n\t\t\t\t\t\t\t\t<span class=\"elementor-accordion-icon-opened\"><svg class=\"e-font-icon-svg e-fas-minus\" viewBox=\"0 0 448 512\" xmlns=\"http:\/\/www.w3.org\/2000\/svg\"><path d=\"M416 208H32c-17.67 0-32 14.33-32 32v32c0 17.67 14.33 32 32 32h384c17.67 0 32-14.33 32-32v-32c0-17.67-14.33-32-32-32z\"><\/path><\/svg><\/span>\n\t\t\t\t\t\t\t\t\t\t\t\t\t\t<\/span>\n\t\t\t\t\t\t\t\t\t\t\t\t<a class=\"elementor-accordion-title\" tabindex=\"0\">Y\u00fcz Germe \u0130\u015flemi Yapt\u0131rmal\u0131 M\u0131y\u0131m?<\/a>\n\t\t\t\t\t<\/div>\n\t\t\t\t\t<div id=\"elementor-tab-content-1651\" class=\"elementor-tab-content elementor-clearfix\" data-tab=\"1\" role=\"region\" aria-labelledby=\"elementor-tab-title-1651\"><p>Zaman\u0131n y\u00fcz\u00fcn\u00fczde yaratt\u0131\u011f\u0131 izlerden memnun de\u011filseniz ve oldu\u011funuzdan daha ya\u015fl\u0131 g\u00f6r\u00fcn\u00fcyorsan\u0131z, EVET, &#8220;Y\u00fcz Germe&#8221; i\u00e7in uygun bir hastas\u0131n\u0131z.<\/p>\n<\/div>\n\t\t\t\t<\/div>\n\t\t\t\t\t\t\t<div class=\"elementor-accordion-item\">\n\t\t\t\t\t<div id=\"elementor-tab-title-1652\" class=\"elementor-tab-title\" data-tab=\"2\" role=\"button\" aria-controls=\"elementor-tab-content-1652\" aria-expanded=\"false\">\n\t\t\t\t\t\t\t\t\t\t\t\t\t<span class=\"elementor-accordion-icon elementor-accordion-icon-left\" aria-hidden=\"true\">\n\t\t\t\t\t\t\t\t\t\t\t\t\t\t\t<span class=\"elementor-accordion-icon-closed\"><svg class=\"e-font-icon-svg e-fas-plus\" viewBox=\"0 0 448 512\" xmlns=\"http:\/\/www.w3.org\/2000\/svg\"><path d=\"M416 208H272V64c0-17.67-14.33-32-32-32h-32c-17.67 0-32 14.33-32 32v144H32c-17.67 0-32 14.33-32 32v32c0 17.67 14.33 32 32 32h144v144c0 17.67 14.33 32 32 32h32c17.67 0 32-14.33 32-32V304h144c17.67 0 32-14.33 32-32v-32c0-17.67-14.33-32-32-32z\"><\/path><\/svg><\/span>\n\t\t\t\t\t\t\t\t<span class=\"elementor-accordion-icon-opened\"><svg class=\"e-font-icon-svg e-fas-minus\" viewBox=\"0 0 448 512\" xmlns=\"http:\/\/www.w3.org\/2000\/svg\"><path d=\"M416 208H32c-17.67 0-32 14.33-32 32v32c0 17.67 14.33 32 32 32h384c17.67 0 32-14.33 32-32v-32c0-17.67-14.33-32-32-32z\"><\/path><\/svg><\/span>\n\t\t\t\t\t\t\t\t\t\t\t\t\t\t<\/span>\n\t\t\t\t\t\t\t\t\t\t\t\t<a class=\"elementor-accordion-title\" tabindex=\"0\">Ameliyat \u00d6ncesi Nelere Dikkat Edilmelidir?<\/a>\n\t\t\t\t\t<\/div>\n\t\t\t\t\t<div id=\"elementor-tab-content-1652\" class=\"elementor-tab-content elementor-clearfix\" data-tab=\"2\" role=\"region\" aria-labelledby=\"elementor-tab-title-1652\"><p>T\u00fcm beklentilerinizi ve endi\u015felerinizi doktorunuzla payla\u015fman\u0131zda fayda var. Muayene s\u0131ras\u0131nda genel sa\u011fl\u0131k durumunuzla ilgili sorulacak sorular\u0131 ayr\u0131nt\u0131l\u0131 olarak yan\u0131tlamal\u0131, ge\u00e7irdi\u011finiz hastal\u0131klar ve kulland\u0131\u011f\u0131n\u0131z ila\u00e7lar hakk\u0131nda doktorunuzu bilgilendirmelisiniz.<\/p>\n<\/div>\n\t\t\t\t<\/div>\n\t\t\t\t\t\t\t<div class=\"elementor-accordion-item\">\n\t\t\t\t\t<div id=\"elementor-tab-title-1653\" class=\"elementor-tab-title\" data-tab=\"3\" role=\"button\" aria-controls=\"elementor-tab-content-1653\" aria-expanded=\"false\">\n\t\t\t\t\t\t\t\t\t\t\t\t\t<span class=\"elementor-accordion-icon elementor-accordion-icon-left\" aria-hidden=\"true\">\n\t\t\t\t\t\t\t\t\t\t\t\t\t\t\t<span class=\"elementor-accordion-icon-closed\"><svg class=\"e-font-icon-svg e-fas-plus\" viewBox=\"0 0 448 512\" xmlns=\"http:\/\/www.w3.org\/2000\/svg\"><path d=\"M416 208H272V64c0-17.67-14.33-32-32-32h-32c-17.67 0-32 14.33-32 32v144H32c-17.67 0-32 14.33-32 32v32c0 17.67 14.33 32 32 32h144v144c0 17.67 14.33 32 32 32h32c17.67 0 32-14.33 32-32V304h144c17.67 0 32-14.33 32-32v-32c0-17.67-14.33-32-32-32z\"><\/path><\/svg><\/span>\n\t\t\t\t\t\t\t\t<span class=\"elementor-accordion-icon-opened\"><svg class=\"e-font-icon-svg e-fas-minus\" viewBox=\"0 0 448 512\" xmlns=\"http:\/\/www.w3.org\/2000\/svg\"><path d=\"M416 208H32c-17.67 0-32 14.33-32 32v32c0 17.67 14.33 32 32 32h384c17.67 0 32-14.33 32-32v-32c0-17.67-14.33-32-32-32z\"><\/path><\/svg><\/span>\n\t\t\t\t\t\t\t\t\t\t\t\t\t\t<\/span>\n\t\t\t\t\t\t\t\t\t\t\t\t<a class=\"elementor-accordion-title\" tabindex=\"0\">Ameliyat Nas\u0131l Devam Edecek?<\/a>\n\t\t\t\t\t<\/div>\n\t\t\t\t\t<div id=\"elementor-tab-content-1653\" class=\"elementor-tab-content elementor-clearfix\" data-tab=\"3\" role=\"region\" aria-labelledby=\"elementor-tab-title-1653\"><p>Hastanemizde ger\u00e7ekle\u015ftirilecek ameliyat\u0131n\u0131z uygulama gere\u011fi genel anestezi ile yap\u0131lacakt\u0131r. Yakla\u015f\u0131k s\u00fcresi 3-5 saattir, bir gece hastanede kalman\u0131z gerekebilir.<\/p>\n<\/div>\n\t\t\t\t<\/div>\n\t\t\t\t\t\t\t<div class=\"elementor-accordion-item\">\n\t\t\t\t\t<div id=\"elementor-tab-title-1654\" class=\"elementor-tab-title\" data-tab=\"4\" role=\"button\" aria-controls=\"elementor-tab-content-1654\" aria-expanded=\"false\">\n\t\t\t\t\t\t\t\t\t\t\t\t\t<span class=\"elementor-accordion-icon elementor-accordion-icon-left\" aria-hidden=\"true\">\n\t\t\t\t\t\t\t\t\t\t\t\t\t\t\t<span class=\"elementor-accordion-icon-closed\"><svg class=\"e-font-icon-svg e-fas-plus\" viewBox=\"0 0 448 512\" xmlns=\"http:\/\/www.w3.org\/2000\/svg\"><path d=\"M416 208H272V64c0-17.67-14.33-32-32-32h-32c-17.67 0-32 14.33-32 32v144H32c-17.67 0-32 14.33-32 32v32c0 17.67 14.33 32 32 32h144v144c0 17.67 14.33 32 32 32h32c17.67 0 32-14.33 32-32V304h144c17.67 0 32-14.33 32-32v-32c0-17.67-14.33-32-32-32z\"><\/path><\/svg><\/span>\n\t\t\t\t\t\t\t\t<span class=\"elementor-accordion-icon-opened\"><svg class=\"e-font-icon-svg e-fas-minus\" viewBox=\"0 0 448 512\" xmlns=\"http:\/\/www.w3.org\/2000\/svg\"><path d=\"M416 208H32c-17.67 0-32 14.33-32 32v32c0 17.67 14.33 32 32 32h384c17.67 0 32-14.33 32-32v-32c0-17.67-14.33-32-32-32z\"><\/path><\/svg><\/span>\n\t\t\t\t\t\t\t\t\t\t\t\t\t\t<\/span>\n\t\t\t\t\t\t\t\t\t\t\t\t<a class=\"elementor-accordion-title\" tabindex=\"0\">Anestezi Hakk\u0131nda Bilinmesi Gerekenler Nelerdir?<\/a>\n\t\t\t\t\t<\/div>\n\t\t\t\t\t<div id=\"elementor-tab-content-1654\" class=\"elementor-tab-content elementor-clearfix\" data-tab=\"4\" role=\"region\" aria-labelledby=\"elementor-tab-title-1654\"><p>Y\u00fcz germe ameliyat\u0131 \u00f6ncesinde anestezi doktoru taraf\u0131ndan muayene edilir ve bilgilendirilirsiniz. Kan suland\u0131r\u0131c\u0131 ila\u00e7lar, vitaminler ve alkol, sigara gibi anesteziyi etkileyen fakt\u00f6rler doktorunuzun \u00f6ng\u00f6rd\u00fc\u011f\u00fc tarihten itibaren kesilmelidir.<\/p>\n<\/div>\n\t\t\t\t<\/div>\n\t\t\t\t\t\t\t<div class=\"elementor-accordion-item\">\n\t\t\t\t\t<div id=\"elementor-tab-title-1655\" class=\"elementor-tab-title\" data-tab=\"5\" role=\"button\" aria-controls=\"elementor-tab-content-1655\" aria-expanded=\"false\">\n\t\t\t\t\t\t\t\t\t\t\t\t\t<span class=\"elementor-accordion-icon elementor-accordion-icon-left\" aria-hidden=\"true\">\n\t\t\t\t\t\t\t\t\t\t\t\t\t\t\t<span class=\"elementor-accordion-icon-closed\"><svg class=\"e-font-icon-svg e-fas-plus\" viewBox=\"0 0 448 512\" xmlns=\"http:\/\/www.w3.org\/2000\/svg\"><path d=\"M416 208H272V64c0-17.67-14.33-32-32-32h-32c-17.67 0-32 14.33-32 32v144H32c-17.67 0-32 14.33-32 32v32c0 17.67 14.33 32 32 32h144v144c0 17.67 14.33 32 32 32h32c17.67 0 32-14.33 32-32V304h144c17.67 0 32-14.33 32-32v-32c0-17.67-14.33-32-32-32z\"><\/path><\/svg><\/span>\n\t\t\t\t\t\t\t\t<span class=\"elementor-accordion-icon-opened\"><svg class=\"e-font-icon-svg e-fas-minus\" viewBox=\"0 0 448 512\" xmlns=\"http:\/\/www.w3.org\/2000\/svg\"><path d=\"M416 208H32c-17.67 0-32 14.33-32 32v32c0 17.67 14.33 32 32 32h384c17.67 0 32-14.33 32-32v-32c0-17.67-14.33-32-32-32z\"><\/path><\/svg><\/span>\n\t\t\t\t\t\t\t\t\t\t\t\t\t\t<\/span>\n\t\t\t\t\t\t\t\t\t\t\t\t<a class=\"elementor-accordion-title\" tabindex=\"0\">Ameliyat Sonras\u0131 Sosyal Ya\u015fama D\u00f6n\u00fc\u015f D\u00f6nemi<\/a>\n\t\t\t\t\t<\/div>\n\t\t\t\t\t<div id=\"elementor-tab-content-1655\" class=\"elementor-tab-content elementor-clearfix\" data-tab=\"5\" role=\"region\" aria-labelledby=\"elementor-tab-title-1655\"><section id=\"content\">\n<div class=\"container\">\n<div class=\"row\">\n<div class=\"col-xs-12 col-md-12\">\n<div class=\"inner-medical-service-wrapper-content-editor\">\n<div class=\"vc_row wpb_row vc_row-fluid\">\n<div class=\"wpb_column vc_column_container vc_col-sm-6\">\n<div class=\"vc_column-inner\">\n<div class=\"wpb_wrapper\">\n<div class=\"vc_toggle vc_toggle_default vc_toggle_color_default vc_toggle_size_md vc_toggle_active\">\n<div class=\"vc_toggle_content\">\n<p>Ameliyattan sonraki erken d\u00f6nemde hafif a\u011fr\u0131lar\u0131n\u0131z olabilir, ancak bu d\u00f6nem genellikle re\u00e7ete edilen a\u011fr\u0131 kesicilerle kolayca atlat\u0131l\u0131r. Y\u00fczde genel bir \u00f6dem, mor lekeler, uyu\u015fukluk ve gerginlik olabilir. 7-10 g\u00fcn i\u00e7inde kendili\u011finden ay\u0131rt edilirler. 2-3 g\u00fcn i\u00e7inde \u00e7\u0131kar\u0131labilen bir ba\u015f bandaj\u0131 kullan\u0131l\u0131r.<\/p>\n<\/div>\n<\/div>\n<\/div>\n<\/div>\n<\/div>\n<\/div>\n<\/div>\n<\/div>\n<\/div>\n<\/div>\n<\/section>\n<footer class=\"site-footer\">\n<div class=\"container\">\n<div class=\"row\">\n<div class=\"footer-widgets col-md-6\">\n<div class=\"footer-widgets-holder\">\n<div class=\"row\">\n<div class=\"col-xs-4 col-sm-4 col-md-4\">\n<div id=\"gg_contact_widget-10\" class=\"gg-widget contact\"> <\/div>\n<\/div>\n<\/div>\n<\/div>\n<\/div>\n<\/div>\n<\/div>\n<\/footer>\n<\/div>\n\t\t\t\t<\/div>\n\t\t\t\t\t\t\t\t<\/div>\n\t\t\t\t\t\t<\/div>\n\t\t\t\t<\/div>\n\t\t\t\t<\/div>\n\t\t\t\t\t<\/div>\n\t\t\t\t<\/div>\n\t\t<div class=\"elementor-element elementor-element-3649e0c e-flex e-con-boxed e-con e-parent\" data-id=\"3649e0c\" data-element_type=\"container\">\n\t\t\t\t\t<div class=\"e-con-inner\">\n\t\t\t\t<div class=\"elementor-element elementor-element-729524e elementor-widget elementor-widget-text-editor\" data-id=\"729524e\" data-element_type=\"widget\" data-widget_type=\"text-editor.default\">\n\t\t\t\t<div class=\"elementor-widget-container\">\n\t\t\t\t\t\t\t\t\t<p>Y\u00fcz gerdirmenin tipik olarak nas\u0131l yap\u0131ld\u0131\u011f\u0131na dair genel bir bak\u0131\u015f:<\/p>\n<ol>\n<li>\n<p><strong>Kons\u00fcltasyon<\/strong>: Prosed\u00fcrden \u00f6nce hasta, hedeflerini, beklentilerini ve t\u0131bbi ge\u00e7mi\u015fini tart\u0131\u015fmak i\u00e7in nitelikli bir plastik cerrahla bir kons\u00fcltasyon yapacakt\u0131r. Cerrah, y\u00fcz germe i\u00e7in en uygun yakla\u015f\u0131m\u0131 belirlemek \u00fczere hastan\u0131n y\u00fcz yap\u0131s\u0131n\u0131, cilt kalitesini ve endi\u015fe duyulan alanlar\u0131 de\u011ferlendirecektir.<\/p>\n<\/li>\n<li>\n<p><strong>Anestezi<\/strong>: Y\u00fcz germe genellikle genel anestezi alt\u0131nda veya i\u015flem s\u0131ras\u0131nda hastan\u0131n konforunu sa\u011flamak i\u00e7in sedasyon ile lokal anestezi alt\u0131nda yap\u0131l\u0131r.<\/p>\n<\/li>\n<li>\n<p><strong>Kesiler<\/strong>: Cerrah, sa\u00e7 \u00e7izgisi boyunca, kulaklar\u0131n etraf\u0131nda ve muhtemelen \u00e7ene alt\u0131 gibi stratejik yerlerde gizli kesiler yapacakt\u0131r. Bu kesiler, g\u00f6r\u00fcn\u00fcr yara izini en aza indirmek i\u00e7in dikkatlice planlanm\u0131\u015ft\u0131r.<\/p>\n<\/li>\n<li>\n<p><strong>Doku Yeniden Konumland\u0131rma<\/strong>: Kesiler yap\u0131ld\u0131ktan sonra cerrah, sarkmay\u0131 gidermek ve y\u00fcze ve boyuna daha gen\u00e7 bir kontur kazand\u0131rmak i\u00e7in kaslar ve ya\u011f dahil olmak \u00fczere altta yatan y\u00fcz dokular\u0131n\u0131 kald\u0131racak ve yeniden konumland\u0131racakt\u0131r.<\/p>\n<\/li>\n<li>\n<p><strong>Cilt Yeniden<\/strong> \u015eekillendirme: Altta yatan dokular yeniden konumland\u0131r\u0131ld\u0131ktan sonra, fazla deri kesilir ve kalan deri y\u00fcz\u00fcn ve boynun yeni kald\u0131r\u0131lm\u0131\u015f konturlar\u0131 \u00fczerine yeniden sar\u0131l\u0131r. Bu, k\u0131r\u0131\u015f\u0131kl\u0131klar\u0131 ve ince \u00e7izgileri yumu\u015fatmaya ve daha s\u0131k\u0131, daha tonlu bir g\u00f6r\u00fcn\u00fcm olu\u015fturmaya yard\u0131mc\u0131 olur.<\/p>\n<\/li>\n<li>\n<p><strong>Kapatma<\/strong>: Kesiler diki\u015f veya cilt yap\u0131\u015ft\u0131r\u0131c\u0131s\u0131 ile kapat\u0131l\u0131r ve cerrahi b\u00f6lgeleri korumak i\u00e7in gerekli pansumanlar veya bandajlar uygulan\u0131r.<\/p>\n<\/li>\n<li>\n<p><strong>\u0130yile\u015fme<\/strong>: \u0130\u015flemden sonra hastalar tipik olarak a\u011fr\u0131 kesici ila\u00e7lar ve so\u011fuk kompreslerle y\u00f6netilebilen bir miktar \u015fi\u015flik, morarma ve rahats\u0131zl\u0131k hissederler. Uygun iyile\u015fmeyi kolayla\u015ft\u0131rmak ve sonu\u00e7lar\u0131 optimize etmek i\u00e7in cerrah taraf\u0131ndan sa\u011flanan ameliyat sonras\u0131 talimatlara uymak \u00e7ok \u00f6nemlidir.<\/p>\n<\/li>\n<\/ol>\n\t\t\t\t\t\t\t\t<\/div>\n\t\t\t\t<\/div>\n\t\t\t\t\t<\/div>\n\t\t\t\t<\/div>\n\t\t\t\t<\/div>\n\t\t","protected":false},"excerpt":{"rendered":"<p>Y\u00fcz Germe Ameliyat\u0131 Nedir? Ritidektomi olarak da bilinen y\u00fcz germe, y\u00fcz ve boyundaki g\u00f6r\u00fcn\u00fcr ya\u015flanma belirtilerini azaltmay\u0131 ama\u00e7layan cerrahi bir prosed\u00fcrd\u00fcr. Daha gen\u00e7 ve yenilenmi\u015f bir g\u00f6r\u00fcn\u00fcm olu\u015fturmak i\u00e7in cildin ve alttaki dokular\u0131n kald\u0131r\u0131lmas\u0131n\u0131 ve s\u0131k\u0131la\u015ft\u0131r\u0131lmas\u0131n\u0131 i\u00e7erir. Y\u00fcz germe; cilt sarkmas\u0131, derin k\u0131r\u0131\u015f\u0131kl\u0131klar, \u00e7ene ve boyunda belirginlik kayb\u0131 gibi bir dizi sorunu giderebilir. Y\u00fcz germe [&hellip;]<\/p>\n","protected":false},"author":1,"featured_media":0,"parent":0,"menu_order":0,"comment_status":"closed","ping_status":"closed","template":"","meta":{"_themeisle_gutenberg_block_has_review":false,"footnotes":""},"class_list":["post-16392","page","type-page","status-publish","hentry"],"_links":{"self":[{"href":"http:\/\/www.istanbulaestheticcenter.com\/tr\/wp-json\/wp\/v2\/pages\/16392","targetHints":{"allow":["GET"]}}],"collection":[{"href":"http:\/\/www.istanbulaestheticcenter.com\/tr\/wp-json\/wp\/v2\/pages"}],"about":[{"href":"http:\/\/www.istanbulaestheticcenter.com\/tr\/wp-json\/wp\/v2\/types\/page"}],"author":[{"embeddable":true,"href":"http:\/\/www.istanbulaestheticcenter.com\/tr\/wp-json\/wp\/v2\/users\/1"}],"replies":[{"embeddable":true,"href":"http:\/\/www.istanbulaestheticcenter.com\/tr\/wp-json\/wp\/v2\/comments?post=16392"}],"version-history":[{"count":5,"href":"http:\/\/www.istanbulaestheticcenter.com\/tr\/wp-json\/wp\/v2\/pages\/16392\/revisions"}],"predecessor-version":[{"id":17055,"href":"http:\/\/www.istanbulaestheticcenter.com\/tr\/wp-json\/wp\/v2\/pages\/16392\/revisions\/17055"}],"wp:attachment":[{"href":"http:\/\/www.istanbulaestheticcenter.com\/tr\/wp-json\/wp\/v2\/media?parent=16392"}],"curies":[{"name":"wp","href":"https:\/\/api.w.org\/{rel}","templated":true}]}}