{"id":16814,"date":"2024-04-20T02:39:37","date_gmt":"2024-04-19T23:39:37","guid":{"rendered":"https:\/\/www.istanbulaestheticcenter.com\/gesaess-aesthetik\/gesaess-aesthetik\/"},"modified":"2024-04-29T12:37:22","modified_gmt":"2024-04-29T09:37:22","slug":"gesaess-aesthetik","status":"publish","type":"page","link":"http:\/\/www.istanbulaestheticcenter.com\/de\/gesaess-aesthetik\/gesaess-aesthetik\/","title":{"rendered":"Ges\u00e4\u00df-\u00c4sthetik"},"content":{"rendered":"\t\t<div data-elementor-type=\"wp-page\" data-elementor-id=\"16814\" class=\"elementor elementor-16814 elementor-13281\">\n\t\t\t\t<div class=\"elementor-element elementor-element-e9f0f8c e-flex e-con-boxed e-con e-parent\" data-id=\"e9f0f8c\" data-element_type=\"container\">\n\t\t\t\t\t<div class=\"e-con-inner\">\n\t\t<div class=\"elementor-element elementor-element-b0db3b0 e-flex e-con-boxed e-con e-child\" data-id=\"b0db3b0\" data-element_type=\"container\">\n\t\t\t\t\t<div class=\"e-con-inner\">\n\t\t\t\t<div class=\"elementor-element elementor-element-ca9064d elementor-widget elementor-widget-image\" data-id=\"ca9064d\" data-element_type=\"widget\" data-widget_type=\"image.default\">\n\t\t\t\t<div class=\"elementor-widget-container\">\n\t\t\t\t\t\t\t\t\t\t\t\t\t\t\t<img fetchpriority=\"high\" decoding=\"async\" width=\"1024\" height=\"525\" src=\"http:\/\/www.istanbulaestheticcenter.com\/wp-content\/uploads\/2024\/04\/bbl-1024x525.jpg\" class=\"attachment-large size-large wp-image-16006\" alt=\"\" srcset=\"http:\/\/www.istanbulaestheticcenter.com\/wp-content\/uploads\/2024\/04\/bbl-1024x525.jpg 1024w, http:\/\/www.istanbulaestheticcenter.com\/wp-content\/uploads\/2024\/04\/bbl-300x154.jpg 300w, http:\/\/www.istanbulaestheticcenter.com\/wp-content\/uploads\/2024\/04\/bbl-768x394.jpg 768w, http:\/\/www.istanbulaestheticcenter.com\/wp-content\/uploads\/2024\/04\/bbl-1000x513.jpg 1000w, http:\/\/www.istanbulaestheticcenter.com\/wp-content\/uploads\/2024\/04\/bbl-1110x570.jpg 1110w, http:\/\/www.istanbulaestheticcenter.com\/wp-content\/uploads\/2024\/04\/bbl.jpg 1120w\" sizes=\"(max-width: 1024px) 100vw, 1024px\" \/>\t\t\t\t\t\t\t\t\t\t\t\t\t\t\t<\/div>\n\t\t\t\t<\/div>\n\t\t\t\t\t<\/div>\n\t\t\t\t<\/div>\n\t\t\t\t\t<\/div>\n\t\t\t\t<\/div>\n\t\t<div class=\"elementor-element elementor-element-3f7c041 e-flex e-con-boxed e-con e-parent\" data-id=\"3f7c041\" data-element_type=\"container\">\n\t\t\t\t\t<div class=\"e-con-inner\">\n\t\t<div class=\"elementor-element elementor-element-50bb1f7 e-con-full e-flex e-con e-child\" data-id=\"50bb1f7\" data-element_type=\"container\">\n\t\t\t\t<div class=\"elementor-element elementor-element-1fc6a50 elementor-widget elementor-widget-heading\" data-id=\"1fc6a50\" data-element_type=\"widget\" data-widget_type=\"heading.default\">\n\t\t\t\t<div class=\"elementor-widget-container\">\n\t\t\t\t\t<h2 class=\"elementor-heading-title elementor-size-default\">Was ist eine Po-\u00c4sthetik-Operation?<\/h2>\t\t\t\t<\/div>\n\t\t\t\t<\/div>\n\t\t\t\t<div class=\"elementor-element elementor-element-a63c1e5 elementor-widget elementor-widget-text-editor\" data-id=\"a63c1e5\" data-element_type=\"widget\" data-widget_type=\"text-editor.default\">\n\t\t\t\t<div class=\"elementor-widget-container\">\n\t\t\t\t\t\t\t\t\t<p>Mit zunehmendem Alter, durch h\u00e4ufiges Zu- und Abnehmen und aus genetischen Gr\u00fcnden kann ein Bed\u00fcrfnis nach \u00c4sthetik im Bereich des Pos entstehen, der ein wichtiger Teil unseres allgemeinen \u00e4sthetischen Erscheinungsbildes ist. Die Ges\u00e4\u00dfformung besteht aus &#8218;Ges\u00e4\u00dfstraffung, Ges\u00e4\u00dfverkleinerung und Ges\u00e4\u00dfstreckung&#8216;, wenn ein Ges\u00e4\u00dfgr\u00fcbchen gew\u00fcnscht ist, kann es trainiert werden. Die Verfahren beruhen auf dem Prinzip, dass Fett aus dem H\u00fcftbereich entnommen und mit Hilfe von Prothesen in den Ges\u00e4\u00dfbereich eingebracht wird, wenn die Person zu schlank ist. Wenn das Gewebe durch \u00fcberm\u00e4\u00dfige Gewichtszunahme und -abnahme abgesunken ist, kann das \u00fcbersch\u00fcssige Gewebe mit einem Dehnungsverfahren entfernt und der Hintern geformt werden. Wichtig ist, dass die verwendeten Prothesen in Bezug auf die \u00c4sthetik zur Person passen und durch einen Schnitt zwischen der Ges\u00e4\u00dffalte eingesetzt werden.<\/p>\n\t\t\t\t\t\t\t\t<\/div>\n\t\t\t\t<\/div>\n\t\t\t\t<\/div>\n\t\t<div class=\"elementor-element elementor-element-1cd2b8e e-con-full e-flex e-con e-child\" data-id=\"1cd2b8e\" data-element_type=\"container\">\n\t\t\t\t<div class=\"elementor-element elementor-element-9d83911 elementor-widget elementor-widget-accordion\" data-id=\"9d83911\" data-element_type=\"widget\" data-widget_type=\"accordion.default\">\n\t\t\t\t<div class=\"elementor-widget-container\">\n\t\t\t\t\t\t\t<div class=\"elementor-accordion\">\n\t\t\t\t\t\t\t<div class=\"elementor-accordion-item\">\n\t\t\t\t\t<div id=\"elementor-tab-title-1651\" class=\"elementor-tab-title\" data-tab=\"1\" role=\"button\" aria-controls=\"elementor-tab-content-1651\" aria-expanded=\"false\">\n\t\t\t\t\t\t\t\t\t\t\t\t\t<span class=\"elementor-accordion-icon elementor-accordion-icon-left\" aria-hidden=\"true\">\n\t\t\t\t\t\t\t\t\t\t\t\t\t\t\t<span class=\"elementor-accordion-icon-closed\"><svg class=\"e-font-icon-svg e-fas-plus\" viewBox=\"0 0 448 512\" xmlns=\"http:\/\/www.w3.org\/2000\/svg\"><path d=\"M416 208H272V64c0-17.67-14.33-32-32-32h-32c-17.67 0-32 14.33-32 32v144H32c-17.67 0-32 14.33-32 32v32c0 17.67 14.33 32 32 32h144v144c0 17.67 14.33 32 32 32h32c17.67 0 32-14.33 32-32V304h144c17.67 0 32-14.33 32-32v-32c0-17.67-14.33-32-32-32z\"><\/path><\/svg><\/span>\n\t\t\t\t\t\t\t\t<span class=\"elementor-accordion-icon-opened\"><svg class=\"e-font-icon-svg e-fas-minus\" viewBox=\"0 0 448 512\" xmlns=\"http:\/\/www.w3.org\/2000\/svg\"><path d=\"M416 208H32c-17.67 0-32 14.33-32 32v32c0 17.67 14.33 32 32 32h384c17.67 0 32-14.33 32-32v-32c0-17.67-14.33-32-32-32z\"><\/path><\/svg><\/span>\n\t\t\t\t\t\t\t\t\t\t\t\t\t\t<\/span>\n\t\t\t\t\t\t\t\t\t\t\t\t<a class=\"elementor-accordion-title\" tabindex=\"0\">Sollte ich mich einer Po-\u00c4sthetik-Operation unterziehen?<\/a>\n\t\t\t\t\t<\/div>\n\t\t\t\t\t<div id=\"elementor-tab-content-1651\" class=\"elementor-tab-content elementor-clearfix\" data-tab=\"1\" role=\"region\" aria-labelledby=\"elementor-tab-title-1651\"><p>Wenn Sie trotz \u00dcbungen Schwierigkeiten haben, Ihren K\u00f6rper zu formen, wenn Sie denken, dass Ihre Kleidung nicht gut zu Ihnen passt, JA, dann sollten Sie sich einer \u201ePo-\u00c4sthetik-Operation\u201c unterziehen.<\/p>\n<\/div>\n\t\t\t\t<\/div>\n\t\t\t\t\t\t\t<div class=\"elementor-accordion-item\">\n\t\t\t\t\t<div id=\"elementor-tab-title-1652\" class=\"elementor-tab-title\" data-tab=\"2\" role=\"button\" aria-controls=\"elementor-tab-content-1652\" aria-expanded=\"false\">\n\t\t\t\t\t\t\t\t\t\t\t\t\t<span class=\"elementor-accordion-icon elementor-accordion-icon-left\" aria-hidden=\"true\">\n\t\t\t\t\t\t\t\t\t\t\t\t\t\t\t<span class=\"elementor-accordion-icon-closed\"><svg class=\"e-font-icon-svg e-fas-plus\" viewBox=\"0 0 448 512\" xmlns=\"http:\/\/www.w3.org\/2000\/svg\"><path d=\"M416 208H272V64c0-17.67-14.33-32-32-32h-32c-17.67 0-32 14.33-32 32v144H32c-17.67 0-32 14.33-32 32v32c0 17.67 14.33 32 32 32h144v144c0 17.67 14.33 32 32 32h32c17.67 0 32-14.33 32-32V304h144c17.67 0 32-14.33 32-32v-32c0-17.67-14.33-32-32-32z\"><\/path><\/svg><\/span>\n\t\t\t\t\t\t\t\t<span class=\"elementor-accordion-icon-opened\"><svg class=\"e-font-icon-svg e-fas-minus\" viewBox=\"0 0 448 512\" xmlns=\"http:\/\/www.w3.org\/2000\/svg\"><path d=\"M416 208H32c-17.67 0-32 14.33-32 32v32c0 17.67 14.33 32 32 32h384c17.67 0 32-14.33 32-32v-32c0-17.67-14.33-32-32-32z\"><\/path><\/svg><\/span>\n\t\t\t\t\t\t\t\t\t\t\t\t\t\t<\/span>\n\t\t\t\t\t\t\t\t\t\t\t\t<a class=\"elementor-accordion-title\" tabindex=\"0\">Was sollte vor der Operation beachtet werden?<\/a>\n\t\t\t\t\t<\/div>\n\t\t\t\t\t<div id=\"elementor-tab-content-1652\" class=\"elementor-tab-content elementor-clearfix\" data-tab=\"2\" role=\"region\" aria-labelledby=\"elementor-tab-title-1652\"><p>Sie sollten Ihrem Arzt alle Ihre Erwartungen und Bedenken mitteilen. W\u00e4hrend der Untersuchung sollten Sie alle Fragen zu Ihrem allgemeinen Gesundheitszustand ausf\u00fchrlich beantworten und Ihren Arzt \u00fcber Ihre fr\u00fcheren Krankheiten und die Medikamente, die Sie einnahmen und einnehmen, informieren.<\/p>\n<\/div>\n\t\t\t\t<\/div>\n\t\t\t\t\t\t\t<div class=\"elementor-accordion-item\">\n\t\t\t\t\t<div id=\"elementor-tab-title-1653\" class=\"elementor-tab-title\" data-tab=\"3\" role=\"button\" aria-controls=\"elementor-tab-content-1653\" aria-expanded=\"false\">\n\t\t\t\t\t\t\t\t\t\t\t\t\t<span class=\"elementor-accordion-icon elementor-accordion-icon-left\" aria-hidden=\"true\">\n\t\t\t\t\t\t\t\t\t\t\t\t\t\t\t<span class=\"elementor-accordion-icon-closed\"><svg class=\"e-font-icon-svg e-fas-plus\" viewBox=\"0 0 448 512\" xmlns=\"http:\/\/www.w3.org\/2000\/svg\"><path d=\"M416 208H272V64c0-17.67-14.33-32-32-32h-32c-17.67 0-32 14.33-32 32v144H32c-17.67 0-32 14.33-32 32v32c0 17.67 14.33 32 32 32h144v144c0 17.67 14.33 32 32 32h32c17.67 0 32-14.33 32-32V304h144c17.67 0 32-14.33 32-32v-32c0-17.67-14.33-32-32-32z\"><\/path><\/svg><\/span>\n\t\t\t\t\t\t\t\t<span class=\"elementor-accordion-icon-opened\"><svg class=\"e-font-icon-svg e-fas-minus\" viewBox=\"0 0 448 512\" xmlns=\"http:\/\/www.w3.org\/2000\/svg\"><path d=\"M416 208H32c-17.67 0-32 14.33-32 32v32c0 17.67 14.33 32 32 32h384c17.67 0 32-14.33 32-32v-32c0-17.67-14.33-32-32-32z\"><\/path><\/svg><\/span>\n\t\t\t\t\t\t\t\t\t\t\t\t\t\t<\/span>\n\t\t\t\t\t\t\t\t\t\t\t\t<a class=\"elementor-accordion-title\" tabindex=\"0\">Wie wird die Operation ablaufen?<\/a>\n\t\t\t\t\t<\/div>\n\t\t\t\t\t<div id=\"elementor-tab-content-1653\" class=\"elementor-tab-content elementor-clearfix\" data-tab=\"3\" role=\"region\" aria-labelledby=\"elementor-tab-title-1653\"><p>Die Operation wird in unserem Krankenhaus mit Sedierung und unter Vollnarkose durchgef\u00fchrt. Die ungef\u00e4hre Dauer des Eingriffs kann je nach Art der Praxis zwischen 2-4 Stunden liegen. Sie m\u00fcssen eine Nacht im Krankenhaus bleiben.<\/p>\n<\/div>\n\t\t\t\t<\/div>\n\t\t\t\t\t\t\t<div class=\"elementor-accordion-item\">\n\t\t\t\t\t<div id=\"elementor-tab-title-1654\" class=\"elementor-tab-title\" data-tab=\"4\" role=\"button\" aria-controls=\"elementor-tab-content-1654\" aria-expanded=\"false\">\n\t\t\t\t\t\t\t\t\t\t\t\t\t<span class=\"elementor-accordion-icon elementor-accordion-icon-left\" aria-hidden=\"true\">\n\t\t\t\t\t\t\t\t\t\t\t\t\t\t\t<span class=\"elementor-accordion-icon-closed\"><svg class=\"e-font-icon-svg e-fas-plus\" viewBox=\"0 0 448 512\" xmlns=\"http:\/\/www.w3.org\/2000\/svg\"><path d=\"M416 208H272V64c0-17.67-14.33-32-32-32h-32c-17.67 0-32 14.33-32 32v144H32c-17.67 0-32 14.33-32 32v32c0 17.67 14.33 32 32 32h144v144c0 17.67 14.33 32 32 32h32c17.67 0 32-14.33 32-32V304h144c17.67 0 32-14.33 32-32v-32c0-17.67-14.33-32-32-32z\"><\/path><\/svg><\/span>\n\t\t\t\t\t\t\t\t<span class=\"elementor-accordion-icon-opened\"><svg class=\"e-font-icon-svg e-fas-minus\" viewBox=\"0 0 448 512\" xmlns=\"http:\/\/www.w3.org\/2000\/svg\"><path d=\"M416 208H32c-17.67 0-32 14.33-32 32v32c0 17.67 14.33 32 32 32h384c17.67 0 32-14.33 32-32v-32c0-17.67-14.33-32-32-32z\"><\/path><\/svg><\/span>\n\t\t\t\t\t\t\t\t\t\t\t\t\t\t<\/span>\n\t\t\t\t\t\t\t\t\t\t\t\t<a class=\"elementor-accordion-title\" tabindex=\"0\">Was sollte man \u00fcber An\u00e4sthesie wissen?<\/a>\n\t\t\t\t\t<\/div>\n\t\t\t\t\t<div id=\"elementor-tab-content-1654\" class=\"elementor-tab-content elementor-clearfix\" data-tab=\"4\" role=\"region\" aria-labelledby=\"elementor-tab-title-1654\"><p>Vor der Operation im Genitalbereich werden Sie von einem Narkosearzt untersucht und aufgekl\u00e4rt. Blutverd\u00fcnnende Medikamente, Vitamine und Faktoren, die die Narkose beeinflussen, wie Alkohol und Rauchen, sollten ab dem von Ihrem Arzt vorgesehenen Datum abgesetzt werden.<\/p>\n<\/div>\n\t\t\t\t<\/div>\n\t\t\t\t\t\t\t<div class=\"elementor-accordion-item\">\n\t\t\t\t\t<div id=\"elementor-tab-title-1655\" class=\"elementor-tab-title\" data-tab=\"5\" role=\"button\" aria-controls=\"elementor-tab-content-1655\" aria-expanded=\"false\">\n\t\t\t\t\t\t\t\t\t\t\t\t\t<span class=\"elementor-accordion-icon elementor-accordion-icon-left\" aria-hidden=\"true\">\n\t\t\t\t\t\t\t\t\t\t\t\t\t\t\t<span class=\"elementor-accordion-icon-closed\"><svg class=\"e-font-icon-svg e-fas-plus\" viewBox=\"0 0 448 512\" xmlns=\"http:\/\/www.w3.org\/2000\/svg\"><path d=\"M416 208H272V64c0-17.67-14.33-32-32-32h-32c-17.67 0-32 14.33-32 32v144H32c-17.67 0-32 14.33-32 32v32c0 17.67 14.33 32 32 32h144v144c0 17.67 14.33 32 32 32h32c17.67 0 32-14.33 32-32V304h144c17.67 0 32-14.33 32-32v-32c0-17.67-14.33-32-32-32z\"><\/path><\/svg><\/span>\n\t\t\t\t\t\t\t\t<span class=\"elementor-accordion-icon-opened\"><svg class=\"e-font-icon-svg e-fas-minus\" viewBox=\"0 0 448 512\" xmlns=\"http:\/\/www.w3.org\/2000\/svg\"><path d=\"M416 208H32c-17.67 0-32 14.33-32 32v32c0 17.67 14.33 32 32 32h384c17.67 0 32-14.33 32-32v-32c0-17.67-14.33-32-32-32z\"><\/path><\/svg><\/span>\n\t\t\t\t\t\t\t\t\t\t\t\t\t\t<\/span>\n\t\t\t\t\t\t\t\t\t\t\t\t<a class=\"elementor-accordion-title\" tabindex=\"0\">Zeitraum der R\u00fcckkehr ins gesellschaftliche Leben nach der Operation<\/a>\n\t\t\t\t\t<\/div>\n\t\t\t\t\t<div id=\"elementor-tab-content-1655\" class=\"elementor-tab-content elementor-clearfix\" data-tab=\"5\" role=\"region\" aria-labelledby=\"elementor-tab-title-1655\"><p>Es ist von Vorteil, w\u00e4hrend der Po-Formung und der Erholungsphase f\u00fcr 3 Wochen ein Korsett zu tragen. Falls Ihr Arzt es genehmigt, wird die Anwendung von VelaShape III (Vakuum + Massage) f\u00fcr eine Zunahme des Kollagens sorgen und den Erholungsprozess beschleunigen. Nach einer Woche kann man das gesellschaftliche Leben wieder aufnehmen.<\/p>\n<\/div>\n\t\t\t\t<\/div>\n\t\t\t\t\t\t\t\t<\/div>\n\t\t\t\t\t\t<\/div>\n\t\t\t\t<\/div>\n\t\t\t\t<\/div>\n\t\t\t\t\t<\/div>\n\t\t\t\t<\/div>\n\t\t\t\t<\/div>\n\t\t","protected":false},"excerpt":{"rendered":"<p>Was ist eine Po-\u00c4sthetik-Operation? Mit zunehmendem Alter, durch h\u00e4ufiges Zu- und Abnehmen und aus genetischen Gr\u00fcnden kann ein Bed\u00fcrfnis nach \u00c4sthetik im Bereich des Pos entstehen, der ein wichtiger Teil unseres allgemeinen \u00e4sthetischen Erscheinungsbildes ist. Die Ges\u00e4\u00dfformung besteht aus &#8218;Ges\u00e4\u00dfstraffung, Ges\u00e4\u00dfverkleinerung und Ges\u00e4\u00dfstreckung&#8216;, wenn ein Ges\u00e4\u00dfgr\u00fcbchen gew\u00fcnscht ist, kann es trainiert werden. Die Verfahren beruhen [&hellip;]<\/p>\n","protected":false},"author":1,"featured_media":0,"parent":16806,"menu_order":0,"comment_status":"closed","ping_status":"closed","template":"","meta":{"_themeisle_gutenberg_block_has_review":false,"footnotes":""},"class_list":["post-16814","page","type-page","status-publish","hentry"],"_links":{"self":[{"href":"http:\/\/www.istanbulaestheticcenter.com\/de\/wp-json\/wp\/v2\/pages\/16814","targetHints":{"allow":["GET"]}}],"collection":[{"href":"http:\/\/www.istanbulaestheticcenter.com\/de\/wp-json\/wp\/v2\/pages"}],"about":[{"href":"http:\/\/www.istanbulaestheticcenter.com\/de\/wp-json\/wp\/v2\/types\/page"}],"author":[{"embeddable":true,"href":"http:\/\/www.istanbulaestheticcenter.com\/de\/wp-json\/wp\/v2\/users\/1"}],"replies":[{"embeddable":true,"href":"http:\/\/www.istanbulaestheticcenter.com\/de\/wp-json\/wp\/v2\/comments?post=16814"}],"version-history":[{"count":1,"href":"http:\/\/www.istanbulaestheticcenter.com\/de\/wp-json\/wp\/v2\/pages\/16814\/revisions"}],"predecessor-version":[{"id":16815,"href":"http:\/\/www.istanbulaestheticcenter.com\/de\/wp-json\/wp\/v2\/pages\/16814\/revisions\/16815"}],"up":[{"embeddable":true,"href":"http:\/\/www.istanbulaestheticcenter.com\/de\/wp-json\/wp\/v2\/pages\/16806"}],"wp:attachment":[{"href":"http:\/\/www.istanbulaestheticcenter.com\/de\/wp-json\/wp\/v2\/media?parent=16814"}],"curies":[{"name":"wp","href":"https:\/\/api.w.org\/{rel}","templated":true}]}}